{"id":963,"date":"2020-06-03T07:51:33","date_gmt":"2020-06-03T07:51:33","guid":{"rendered":"https:\/\/maler-mateyka.de\/?page_id=963"},"modified":"2024-12-02T08:49:13","modified_gmt":"2024-12-02T08:49:13","slug":"maler-und-lackiererinnung","status":"publish","type":"page","link":"https:\/\/maler-mateyka.de\/index.php\/maler-und-lackiererinnung\/","title":{"rendered":"Maler- und Lackiererinnung Oberland"},"content":{"rendered":"<p><div class=\"fusion-fullwidth fullwidth-box fusion-builder-row-1 nonhundred-percent-fullwidth non-hundred-percent-height-scrolling\" style=\"background-color: rgba(255,255,255,0);background-position: center center;background-repeat: no-repeat;padding-top:0px;padding-right:0px;padding-bottom:0px;padding-left:0px;margin-bottom: 0px;margin-top: 0px;border-width: 0px 0px 0px 0px;border-color:#eae9e9;border-style:solid;\" ><div class=\"fusion-builder-row fusion-row\"><div class=\"fusion-layout-column fusion_builder_column fusion-builder-column-0 fusion_builder_column_1_1 1_1 fusion-one-full fusion-column-first fusion-column-last\" style=\"margin-top:0px;margin-bottom:20px;\"><div class=\"fusion-column-wrapper fusion-flex-column-wrapper-legacy\" style=\"background-position:left top;background-repeat:no-repeat;-webkit-background-size:cover;-moz-background-size:cover;-o-background-size:cover;background-size:cover;padding: 0px 0px 0px 0px;\"><div class=\"fusion-text fusion-text-1 fusion-text-split-columns fusion-text-columns-2\" style=\" -webkit-column-count:2; -webkit-column-gap:2em; -webkit-column-width:100px; -moz-column-count:2; -moz-column-gap:2em; -moz-column-width:100px; column-count:2; column-gap:2em; column-width:100px;\"><div class=\"c50l col_1 first\">\n<div class=\"subcl\">\n<div class=\"ce_text block\">\n<p class=\"hidden nothing animated visible fadeIn\">Auf Grund der in den 70 Jahren durch Gebietsreformen entstandenen Monostrukturen der Landkreise Garmisch-Partenkirchen und Weilheim-Schongau, entschlossen sich die Kreishandwerkerschaften Garmisch-Partenkirchen, Schongau und Weilheim sich zu einer einzigen K\u00f6rperschaft des \u00f6ffentlichen Rechts zusammenzuschlie\u00dfen mit der Bezeichnung Kreishandwerkerschaft Oberland. Im Zuge dessen sollten die drei Malerinnungen der alten Landkreise sich ebenfalls zusammenschlie\u00dfen. Der erste Berufsstand, der den Zusammenschluss vollzogen hatte, war nun das Malerhandwerk. Die neugebildete Innung stellte nun einen Modellfall f\u00fcr alle zuk\u00fcnftigen Zusammenschl\u00fcsse dar.<\/p>\n<p class=\"hidden nothing animated visible fadeIn\">Die darauffolgende Abstimmung \u00fcber den Innungszusammenschluss der beiden Innungen unter dem Namen Maler-und Lackiererinnung Oberland erfolgte einstimmig. Auf Grund des Zusammenschlusses, der 1972 beschlossen wurde und ab 01.01.1973 g\u00fcltig wurde, wurde nat\u00fcrlich auch die Satzung angepasst, in der die Innungsgebiete Garmisch-Partenkirchen,\u00a0Weilheim-Schongau, Landsberg und Starnberg ab sofort genannt wurden.<\/p>\n<p class=\"hidden nothing animated visible fadeIn full-visible\">Folgende Handwerke umfasst unsere Innung: Maler-und Lackierer, Schilder-und Leuchtreklamehersteller, Glas-und Porzellanmaler, Vergolder und Siebdrucker.<\/p>\n<\/div>\n<\/div>\n<\/div>\n<div class=\"ce_colsetPart c50r col_2 last\">\n<div class=\"subcr\">\n<div class=\"ce_text block\">\n<p class=\"hidden nothing animated visible fadeIn\">Um allen Mitgliedern dieser neugeschaffenen Innung eine m\u00f6glichst umfassende fachliche Betreuung zukommen zu lassen, wurde beschlossen, die Gesch\u00e4ftsf\u00fchrung, probeweise auf ein Jahr, der Gesch\u00e4ftsstelle der Malerinnung in M\u00fcnchen zu \u00fcbertragen. Der damalige Gesch\u00e4ftsf\u00fchrer Herr Krampfl erl\u00e4uterte die M\u00f6glichkeiten und Vorteile, die sich f\u00fcr die einzelnen Mitglieder bieten w\u00fcrden. Die Gesch\u00e4ftsstelle in M\u00fcnchen wolle in Zusammenarbeit mit der Kreishandwerkerschaft in Weilheim die Innung bestens betreuen.<\/p>\n<p>Die Gesch\u00e4ftsf\u00fchrung in M\u00fcnchen dauert bis 31.12.2018 an. Zuletzt wurden die Gesch\u00e4fte von Herrn Dr. J\u00fcrgen Weber geleitet. W\u00e4hrend dieses Jahres gab es viele Gespr\u00e4che der Vorst\u00e4nde in M\u00fcnchen und Oberland, um eine Fusion beider Innungen in Gang zu bringen. Nach sehr vielen Monaten und viel bereits erledigter Arbeiten, kristallisierte sich jedoch heraus,\u00a0dass eine Fusion zum derzeitigen Zeitpunkt unm\u00f6glich war.<\/p>\n<p>So trennten sich die beiden Innungen Oberland und M\u00fcnchen und die Gesch\u00e4ftsstelle wechselte zum 01.01.2019 nach Weilheim zur Kreishandwerkerschaft.<br \/>\nDort werden wir seitdem betreut durch den Gesch\u00e4ftsf\u00fchrer Herrn Roland Streim und Team.<\/p>\n<\/div>\n<\/div>\n<\/div>\n<\/div><style type=\"text\/css\"><\/style><div class=\"fusion-title title fusion-title-1 fusion-title-text fusion-title-size-one\" style=\"margin-top:0px;margin-right:0px;margin-bottom:31px;margin-left:0px;\"><h1 class=\"title-heading-left\" style=\"margin:0;\"><h2 class=\"hidden animated visible fadeIn full-visible\">\u00dcBER DIE MALER- UND LACKIERERINNUNG OBERLAND<\/h2><\/h1><div class=\"title-sep-container\"><div class=\"title-sep sep-\" style=\"border-color:#eff3f9;\"><\/div><\/div><\/div><div class=\"fusion-text fusion-text-2 fusion-text-split-columns fusion-text-columns-2\" style=\" -webkit-column-count:2; -webkit-column-gap:2em; -webkit-column-width:100px; -moz-column-count:2; -moz-column-gap:2em; -moz-column-width:100px; column-count:2; column-gap:2em; column-width:100px;\"><p><strong>Die Aufgabe der Innung ist, die gemeinsamen gewerblichen Interessen <\/strong><strong>ihrer Mitglieder zu f\u00f6rdern. Dar\u00fcberhinaus fallen unter die Aufgaben noch weiteres <\/strong><strong>dass den Gemeingeist und die Berufsehre sch\u00fctzt.<\/strong><\/p>\n<p class=\"hidden nothing animated visible fadeIn\">Die Innung ist unter Anderem daf\u00fcr zust\u00e4ndig ein gutes Verh\u00e4ltnis zwischen Meistern, Gesellen und Lehrlingen aufzubauen und zu erhalten. Sie k\u00fcmmert sich um die korrekte Lehrlingsausbildung und deren \u00dcberwachung, sowie die F\u00f6rderung der charakterlichen Entwicklung der Lehrlinge.\u00a0Bei den Zwischen- und Gesellenpr\u00fcfungen steht die Innung stets hinter den Absolventen und unterst\u00fctzt diese tatkr\u00e4ftig.\u00a0Es ist ganz wichtig das K\u00f6nnen der Meister und Gesellen zu f\u00f6rdern. Zu diesem Zweck kann die Innung insbesondere Fachschulen errichten und unterst\u00fctzen und Lehrg\u00e4nge veranstalten.<\/p>\n<\/div><span class=\" fusion-imageframe imageframe-none imageframe-1 hover-type-none\"><img decoding=\"async\" width=\"3378\" height=\"356\" title=\"Handwerkspartner\" src=\"https:\/\/maler-mateyka.de\/wp-content\/uploads\/2020\/06\/Bildschirmfoto-2020-06-03-um-09.58.10.png\" class=\"img-responsive wp-image-968\" srcset=\"https:\/\/maler-mateyka.de\/wp-content\/uploads\/2020\/06\/Bildschirmfoto-2020-06-03-um-09.58.10-200x21.png 200w, https:\/\/maler-mateyka.de\/wp-content\/uploads\/2020\/06\/Bildschirmfoto-2020-06-03-um-09.58.10-400x42.png 400w, https:\/\/maler-mateyka.de\/wp-content\/uploads\/2020\/06\/Bildschirmfoto-2020-06-03-um-09.58.10-600x63.png 600w, https:\/\/maler-mateyka.de\/wp-content\/uploads\/2020\/06\/Bildschirmfoto-2020-06-03-um-09.58.10-800x84.png 800w, https:\/\/maler-mateyka.de\/wp-content\/uploads\/2020\/06\/Bildschirmfoto-2020-06-03-um-09.58.10-1200x126.png 1200w, https:\/\/maler-mateyka.de\/wp-content\/uploads\/2020\/06\/Bildschirmfoto-2020-06-03-um-09.58.10.png 3378w\" sizes=\"(max-width: 1120px) 100vw, 1200px\" \/><\/span><div class=\"fusion-clearfix\"><\/div><\/div><\/div><\/div><\/div><div class=\"fusion-fullwidth fullwidth-box fusion-builder-row-2 nonhundred-percent-fullwidth non-hundred-percent-height-scrolling\" style=\"background-color: rgba(255,255,255,0);background-position: center center;background-repeat: no-repeat;padding-top:0px;padding-right:0px;padding-bottom:0px;padding-left:0px;margin-bottom: 0px;margin-top: 0px;border-width: 0px 0px 0px 0px;border-color:#eae9e9;border-style:solid;\" ><div class=\"fusion-builder-row fusion-row\"><div class=\"fusion-layout-column fusion_builder_column fusion-builder-column-1 fusion_builder_column_1_1 1_1 fusion-one-full fusion-column-first fusion-column-last\" style=\"margin-top:0px;margin-bottom:20px;\"><div class=\"fusion-column-wrapper fusion-flex-column-wrapper-legacy\" style=\"background-position:left top;background-repeat:no-repeat;-webkit-background-size:cover;-moz-background-size:cover;-o-background-size:cover;background-size:cover;padding: 0px 0px 0px 0px;\"><style type=\"text\/css\"><\/style><div class=\"fusion-title title fusion-title-2 fusion-title-center fusion-title-text fusion-title-size-three fusion-animated\" style=\"margin-top:70px;margin-right:0px;margin-bottom:31px;margin-left:0px;\" data-animationType=\"zoomIn\" data-animationDuration=\"1.0\" data-animationOffset=\"100%\"><div class=\"title-sep-container title-sep-container-left\"><div class=\"title-sep sep-\" style=\"border-color:#eff3f9;\"><\/div><\/div><h3 class=\"title-heading-center\" style=\"margin:0;\">Vereinbaren Sie jetzt einen Termin. Wir besuchen Sie vor Ort und kalkulieren Ihr individuelles Angebot<\/h3><div class=\"title-sep-container title-sep-container-right\"><div class=\"title-sep sep-\" style=\"border-color:#eff3f9;\"><\/div><\/div><\/div><div class=\"fusion-clearfix\"><\/div><\/div><\/div><\/div><\/div><\/p>\n","protected":false},"excerpt":{"rendered":"","protected":false},"author":1,"featured_media":0,"parent":0,"menu_order":0,"comment_status":"closed","ping_status":"closed","template":"","meta":{"footnotes":""},"class_list":["post-963","page","type-page","status-publish","hentry"],"yoast_head":"<!-- This site is optimized with the Yoast SEO plugin v27.5 - https:\/\/yoast.com\/product\/yoast-seo-wordpress\/ -->\n<title>Maler- und Lackiererinnung Oberland - Malermeister Mateyka<\/title>\n<meta name=\"description\" content=\"Wir sind nicht nur Mitglied der Maler- und Lackiererinnung Oberland, unser Malermeister Robert Mateyka ist auch Vorstand der Maler- und Lackiererinnung.\" \/>\n<meta name=\"robots\" content=\"index, follow, max-snippet:-1, max-image-preview:large, max-video-preview:-1\" \/>\n<link rel=\"canonical\" href=\"https:\/\/maler-mateyka.de\/index.php\/maler-und-lackiererinnung\/\" \/>\n<meta property=\"og:locale\" content=\"de_DE\" \/>\n<meta property=\"og:type\" content=\"article\" \/>\n<meta property=\"og:title\" content=\"Maler- und Lackiererinnung Oberland - Malermeister Mateyka\" \/>\n<meta property=\"og:description\" content=\"Wir sind nicht nur Mitglied der Maler- und Lackiererinnung Oberland, unser Malermeister Robert Mateyka ist auch Vorstand der Maler- und Lackiererinnung.\" \/>\n<meta property=\"og:url\" content=\"https:\/\/maler-mateyka.de\/index.php\/maler-und-lackiererinnung\/\" \/>\n<meta property=\"og:site_name\" content=\"Malermeister Mateyka\" \/>\n<meta property=\"article:modified_time\" content=\"2024-12-02T08:49:13+00:00\" \/>\n<meta name=\"twitter:card\" content=\"summary_large_image\" \/>\n<meta name=\"twitter:label1\" content=\"Gesch\u00e4tzte Lesezeit\" \/>\n\t<meta name=\"twitter:data1\" content=\"5\u00a0Minuten\" \/>\n<script type=\"application\/ld+json\" class=\"yoast-schema-graph\">{\"@context\":\"https:\\\/\\\/schema.org\",\"@graph\":[{\"@type\":\"WebPage\",\"@id\":\"https:\\\/\\\/maler-mateyka.de\\\/index.php\\\/maler-und-lackiererinnung\\\/\",\"url\":\"https:\\\/\\\/maler-mateyka.de\\\/index.php\\\/maler-und-lackiererinnung\\\/\",\"name\":\"Maler- und Lackiererinnung Oberland - Malermeister Mateyka\",\"isPartOf\":{\"@id\":\"https:\\\/\\\/maler-mateyka.de\\\/#website\"},\"datePublished\":\"2020-06-03T07:51:33+00:00\",\"dateModified\":\"2024-12-02T08:49:13+00:00\",\"description\":\"Wir sind nicht nur Mitglied der Maler- und Lackiererinnung Oberland, unser Malermeister Robert Mateyka ist auch Vorstand der Maler- und Lackiererinnung.\",\"breadcrumb\":{\"@id\":\"https:\\\/\\\/maler-mateyka.de\\\/index.php\\\/maler-und-lackiererinnung\\\/#breadcrumb\"},\"inLanguage\":\"de\",\"potentialAction\":[{\"@type\":\"ReadAction\",\"target\":[\"https:\\\/\\\/maler-mateyka.de\\\/index.php\\\/maler-und-lackiererinnung\\\/\"]}]},{\"@type\":\"BreadcrumbList\",\"@id\":\"https:\\\/\\\/maler-mateyka.de\\\/index.php\\\/maler-und-lackiererinnung\\\/#breadcrumb\",\"itemListElement\":[{\"@type\":\"ListItem\",\"position\":1,\"name\":\"Startseite\",\"item\":\"https:\\\/\\\/maler-mateyka.de\\\/\"},{\"@type\":\"ListItem\",\"position\":2,\"name\":\"Maler- und Lackiererinnung Oberland\"}]},{\"@type\":\"WebSite\",\"@id\":\"https:\\\/\\\/maler-mateyka.de\\\/#website\",\"url\":\"https:\\\/\\\/maler-mateyka.de\\\/\",\"name\":\"Malermeister Mateyka\",\"description\":\"Ihr Fachbetrieb in Iffeldorf\",\"publisher\":{\"@id\":\"https:\\\/\\\/maler-mateyka.de\\\/#organization\"},\"potentialAction\":[{\"@type\":\"SearchAction\",\"target\":{\"@type\":\"EntryPoint\",\"urlTemplate\":\"https:\\\/\\\/maler-mateyka.de\\\/?s={search_term_string}\"},\"query-input\":{\"@type\":\"PropertyValueSpecification\",\"valueRequired\":true,\"valueName\":\"search_term_string\"}}],\"inLanguage\":\"de\"},{\"@type\":\"Organization\",\"@id\":\"https:\\\/\\\/maler-mateyka.de\\\/#organization\",\"name\":\"Malerbetrieb Mateyka\",\"url\":\"https:\\\/\\\/maler-mateyka.de\\\/\",\"logo\":{\"@type\":\"ImageObject\",\"inLanguage\":\"de\",\"@id\":\"https:\\\/\\\/maler-mateyka.de\\\/#\\\/schema\\\/logo\\\/image\\\/\",\"url\":\"https:\\\/\\\/maler-mateyka.de\\\/wp-content\\\/uploads\\\/2020\\\/05\\\/Mateyka-Logo-pur-01.png\",\"contentUrl\":\"https:\\\/\\\/maler-mateyka.de\\\/wp-content\\\/uploads\\\/2020\\\/05\\\/Mateyka-Logo-pur-01.png\",\"width\":600,\"height\":349,\"caption\":\"Malerbetrieb Mateyka\"},\"image\":{\"@id\":\"https:\\\/\\\/maler-mateyka.de\\\/#\\\/schema\\\/logo\\\/image\\\/\"}}]}<\/script>\n<!-- \/ Yoast SEO plugin. -->","yoast_head_json":{"title":"Maler- und Lackiererinnung Oberland - Malermeister Mateyka","description":"Wir sind nicht nur Mitglied der Maler- und Lackiererinnung Oberland, unser Malermeister Robert Mateyka ist auch Vorstand der Maler- und Lackiererinnung.","robots":{"index":"index","follow":"follow","max-snippet":"max-snippet:-1","max-image-preview":"max-image-preview:large","max-video-preview":"max-video-preview:-1"},"canonical":"https:\/\/maler-mateyka.de\/index.php\/maler-und-lackiererinnung\/","og_locale":"de_DE","og_type":"article","og_title":"Maler- und Lackiererinnung Oberland - Malermeister Mateyka","og_description":"Wir sind nicht nur Mitglied der Maler- und Lackiererinnung Oberland, unser Malermeister Robert Mateyka ist auch Vorstand der Maler- und Lackiererinnung.","og_url":"https:\/\/maler-mateyka.de\/index.php\/maler-und-lackiererinnung\/","og_site_name":"Malermeister Mateyka","article_modified_time":"2024-12-02T08:49:13+00:00","twitter_card":"summary_large_image","twitter_misc":{"Gesch\u00e4tzte Lesezeit":"5\u00a0Minuten"},"schema":{"@context":"https:\/\/schema.org","@graph":[{"@type":"WebPage","@id":"https:\/\/maler-mateyka.de\/index.php\/maler-und-lackiererinnung\/","url":"https:\/\/maler-mateyka.de\/index.php\/maler-und-lackiererinnung\/","name":"Maler- und Lackiererinnung Oberland - Malermeister Mateyka","isPartOf":{"@id":"https:\/\/maler-mateyka.de\/#website"},"datePublished":"2020-06-03T07:51:33+00:00","dateModified":"2024-12-02T08:49:13+00:00","description":"Wir sind nicht nur Mitglied der Maler- und Lackiererinnung Oberland, unser Malermeister Robert Mateyka ist auch Vorstand der Maler- und Lackiererinnung.","breadcrumb":{"@id":"https:\/\/maler-mateyka.de\/index.php\/maler-und-lackiererinnung\/#breadcrumb"},"inLanguage":"de","potentialAction":[{"@type":"ReadAction","target":["https:\/\/maler-mateyka.de\/index.php\/maler-und-lackiererinnung\/"]}]},{"@type":"BreadcrumbList","@id":"https:\/\/maler-mateyka.de\/index.php\/maler-und-lackiererinnung\/#breadcrumb","itemListElement":[{"@type":"ListItem","position":1,"name":"Startseite","item":"https:\/\/maler-mateyka.de\/"},{"@type":"ListItem","position":2,"name":"Maler- und Lackiererinnung Oberland"}]},{"@type":"WebSite","@id":"https:\/\/maler-mateyka.de\/#website","url":"https:\/\/maler-mateyka.de\/","name":"Malermeister Mateyka","description":"Ihr Fachbetrieb in Iffeldorf","publisher":{"@id":"https:\/\/maler-mateyka.de\/#organization"},"potentialAction":[{"@type":"SearchAction","target":{"@type":"EntryPoint","urlTemplate":"https:\/\/maler-mateyka.de\/?s={search_term_string}"},"query-input":{"@type":"PropertyValueSpecification","valueRequired":true,"valueName":"search_term_string"}}],"inLanguage":"de"},{"@type":"Organization","@id":"https:\/\/maler-mateyka.de\/#organization","name":"Malerbetrieb Mateyka","url":"https:\/\/maler-mateyka.de\/","logo":{"@type":"ImageObject","inLanguage":"de","@id":"https:\/\/maler-mateyka.de\/#\/schema\/logo\/image\/","url":"https:\/\/maler-mateyka.de\/wp-content\/uploads\/2020\/05\/Mateyka-Logo-pur-01.png","contentUrl":"https:\/\/maler-mateyka.de\/wp-content\/uploads\/2020\/05\/Mateyka-Logo-pur-01.png","width":600,"height":349,"caption":"Malerbetrieb Mateyka"},"image":{"@id":"https:\/\/maler-mateyka.de\/#\/schema\/logo\/image\/"}}]}},"_links":{"self":[{"href":"https:\/\/maler-mateyka.de\/index.php\/wp-json\/wp\/v2\/pages\/963","targetHints":{"allow":["GET"]}}],"collection":[{"href":"https:\/\/maler-mateyka.de\/index.php\/wp-json\/wp\/v2\/pages"}],"about":[{"href":"https:\/\/maler-mateyka.de\/index.php\/wp-json\/wp\/v2\/types\/page"}],"author":[{"embeddable":true,"href":"https:\/\/maler-mateyka.de\/index.php\/wp-json\/wp\/v2\/users\/1"}],"replies":[{"embeddable":true,"href":"https:\/\/maler-mateyka.de\/index.php\/wp-json\/wp\/v2\/comments?post=963"}],"version-history":[{"count":9,"href":"https:\/\/maler-mateyka.de\/index.php\/wp-json\/wp\/v2\/pages\/963\/revisions"}],"predecessor-version":[{"id":1134,"href":"https:\/\/maler-mateyka.de\/index.php\/wp-json\/wp\/v2\/pages\/963\/revisions\/1134"}],"wp:attachment":[{"href":"https:\/\/maler-mateyka.de\/index.php\/wp-json\/wp\/v2\/media?parent=963"}],"curies":[{"name":"wp","href":"https:\/\/api.w.org\/{rel}","templated":true}]}}